{"id":3007,"date":"2020-11-24T23:17:19","date_gmt":"2020-11-24T23:17:19","guid":{"rendered":"https:\/\/foroolavarria.org\/?page_id=3007"},"modified":"2024-08-05T20:11:45","modified_gmt":"2024-08-05T23:11:45","slug":"proyectar-escuela-de-gobierno-y-politicas-publicas","status":"publish","type":"page","link":"https:\/\/037.com.ar\/foronuevo\/proyectar-escuela-de-gobierno-y-politicas-publicas\/","title":{"rendered":"ProyectAR"},"content":{"rendered":"\t\t<div data-elementor-type=\"wp-page\" data-elementor-id=\"3007\" class=\"elementor elementor-3007\" data-elementor-post-type=\"page\">\n\t\t\t\t<div class=\"elementor-element elementor-element-4a51c680 e-flex e-con-boxed e-con e-parent\" data-id=\"4a51c680\" data-element_type=\"container\">\n\t\t\t\t\t<div class=\"e-con-inner\">\n\t\t\t\t<div class=\"elementor-element elementor-element-ffb5d27 elementor-widget elementor-widget-image\" data-id=\"ffb5d27\" data-element_type=\"widget\" data-widget_type=\"image.default\">\n\t\t\t\t<div class=\"elementor-widget-container\">\n\t\t\t\t\t\t\t\t\t\t\t\t\t<img fetchpriority=\"high\" decoding=\"async\" width=\"800\" height=\"198\" src=\"https:\/\/037.com.ar\/foronuevo\/wp-content\/uploads\/2022\/02\/proyectar-1024x254.png\" class=\"attachment-large size-large wp-image-57059\" alt=\"\" srcset=\"https:\/\/037.com.ar\/foronuevo\/wp-content\/uploads\/2022\/02\/proyectar-1024x254.png 1024w, https:\/\/037.com.ar\/foronuevo\/wp-content\/uploads\/2022\/02\/proyectar-300x74.png 300w, https:\/\/037.com.ar\/foronuevo\/wp-content\/uploads\/2022\/02\/proyectar-768x191.png 768w, https:\/\/037.com.ar\/foronuevo\/wp-content\/uploads\/2022\/02\/proyectar.png 1434w\" sizes=\"(max-width: 800px) 100vw, 800px\" \/>\t\t\t\t\t\t\t\t\t\t\t\t\t<\/div>\n\t\t\t\t<\/div>\n\t\t\t\t<div class=\"elementor-element elementor-element-567ac0f elementor-widget elementor-widget-heading\" data-id=\"567ac0f\" data-element_type=\"widget\" data-widget_type=\"heading.default\">\n\t\t\t\t<div class=\"elementor-widget-container\">\n\t\t\t<style>\/*! elementor - v3.23.0 - 05-08-2024 *\/\n.elementor-heading-title{padding:0;margin:0;line-height:1}.elementor-widget-heading .elementor-heading-title[class*=elementor-size-]>a{color:inherit;font-size:inherit;line-height:inherit}.elementor-widget-heading .elementor-heading-title.elementor-size-small{font-size:15px}.elementor-widget-heading .elementor-heading-title.elementor-size-medium{font-size:19px}.elementor-widget-heading .elementor-heading-title.elementor-size-large{font-size:29px}.elementor-widget-heading .elementor-heading-title.elementor-size-xl{font-size:39px}.elementor-widget-heading .elementor-heading-title.elementor-size-xxl{font-size:59px}<\/style><h2 class=\"elementor-heading-title elementor-size-default\">ACTIVIDAD EN OLAVARR\u00cdA 2024<\/h2>\t\t<\/div>\n\t\t\t\t<\/div>\n\t\t\t\t<div class=\"elementor-element elementor-element-bb8c066 elementor-widget elementor-widget-text-editor\" data-id=\"bb8c066\" data-element_type=\"widget\" data-widget_type=\"text-editor.default\">\n\t\t\t\t<div class=\"elementor-widget-container\">\n\t\t\t<style>\/*! elementor - v3.23.0 - 05-08-2024 *\/\n.elementor-widget-text-editor.elementor-drop-cap-view-stacked .elementor-drop-cap{background-color:#69727d;color:#fff}.elementor-widget-text-editor.elementor-drop-cap-view-framed .elementor-drop-cap{color:#69727d;border:3px solid;background-color:transparent}.elementor-widget-text-editor:not(.elementor-drop-cap-view-default) .elementor-drop-cap{margin-top:8px}.elementor-widget-text-editor:not(.elementor-drop-cap-view-default) .elementor-drop-cap-letter{width:1em;height:1em}.elementor-widget-text-editor .elementor-drop-cap{float:left;text-align:center;line-height:1;font-size:50px}.elementor-widget-text-editor .elementor-drop-cap-letter{display:inline-block}<\/style>\t\t\t\t<p>El objetivo de ProyectAR es un espacio de formaci\u00f3n de equipos t\u00e9cnicos y de gesti\u00f3n basados en el conocimiento, con solidez y visi\u00f3n de largo plazo, para poder abordar los desaf\u00edos que afrontan nuestras democracias en el siglo XXI.<\/p><p><strong>Por qu\u00e9 impulsamos ProyectAR?<\/strong><br \/>\u2013 La pol\u00edtica debe adaptarse a la complejidad del Siglo XXI.<br \/>\u2013 Los nuevos liderazgos necesitan aprender y compartir conocimiento.<br \/>\u2013 Para visibilizar y potenciar nuestro capital humano y visibilizar nuevos talentos.<\/p><p><strong>Qu\u00e9 nos proponemos?<\/strong><br \/>\u2013 Compartir conocimiento e intercambiar experiencias.<br \/>\u2013 Proyectar el futuro de una Argentina federal, diversa y paritaria.<br \/>\u2013 Desarrollar equipos t\u00e9cnicos y de gesti\u00f3n calificados.<br \/>\u2013 Construir redes de conocimiento nacionales e internacionales.<\/p><p><strong>\u00bfQui\u00e9nes podr\u00e1n participar?<\/strong><br \/>La formaci\u00f3n esta destinada a funcionarios\/as nacionales, provinciales y municipales, legisladores\/as, dirigentes y militantes de todo el pa\u00eds.<br \/>Es una convocatoria federal y abierta, est\u00e1n invitados\/as a participar militantes, activistas, ciudadanos\/as as\u00ed como referentes pol\u00edticos\/as y sociales de todo el territorio argentino.<\/p>\t\t\t\t\t\t<\/div>\n\t\t\t\t<\/div>\n\t\t<div class=\"elementor-element elementor-element-f50c265 e-grid e-con-full e-con e-child\" data-id=\"f50c265\" data-element_type=\"container\">\n\t\t\t\t<div class=\"elementor-element elementor-element-2c0b8a1 elementor-widget elementor-widget-image\" data-id=\"2c0b8a1\" data-element_type=\"widget\" data-widget_type=\"image.default\">\n\t\t\t\t<div class=\"elementor-widget-container\">\n\t\t\t\t\t\t\t\t\t\t\t\t\t<img decoding=\"async\" width=\"592\" height=\"592\" src=\"https:\/\/037.com.ar\/foronuevo\/wp-content\/uploads\/2022\/02\/sergiomassa.png\" class=\"attachment-large size-large wp-image-57062\" alt=\"\" srcset=\"https:\/\/037.com.ar\/foronuevo\/wp-content\/uploads\/2022\/02\/sergiomassa.png 592w, https:\/\/037.com.ar\/foronuevo\/wp-content\/uploads\/2022\/02\/sergiomassa-300x300.png 300w, https:\/\/037.com.ar\/foronuevo\/wp-content\/uploads\/2022\/02\/sergiomassa-150x150.png 150w\" sizes=\"(max-width: 592px) 100vw, 592px\" \/>\t\t\t\t\t\t\t\t\t\t\t\t\t<\/div>\n\t\t\t\t<\/div>\n\t\t\t\t<div class=\"elementor-element elementor-element-b784c82 elementor-widget elementor-widget-text-editor\" data-id=\"b784c82\" data-element_type=\"widget\" data-widget_type=\"text-editor.default\">\n\t\t\t\t<div class=\"elementor-widget-container\">\n\t\t\t\t\t\t\t<p><strong>Sergio Massa<\/strong><\/p><p>Presidente Consejo Acad\u00e9mico<\/p>\t\t\t\t\t\t<\/div>\n\t\t\t\t<\/div>\n\t\t\t\t<div class=\"elementor-element elementor-element-842f178 elementor-widget elementor-widget-image\" data-id=\"842f178\" data-element_type=\"widget\" data-widget_type=\"image.default\">\n\t\t\t\t<div class=\"elementor-widget-container\">\n\t\t\t\t\t\t\t\t\t\t\t\t\t<img decoding=\"async\" width=\"480\" height=\"480\" src=\"https:\/\/037.com.ar\/foronuevo\/wp-content\/uploads\/2022\/02\/monicaLitza.jpeg\" class=\"attachment-large size-large wp-image-57063\" alt=\"\" srcset=\"https:\/\/037.com.ar\/foronuevo\/wp-content\/uploads\/2022\/02\/monicaLitza.jpeg 480w, https:\/\/037.com.ar\/foronuevo\/wp-content\/uploads\/2022\/02\/monicaLitza-300x300.jpeg 300w, https:\/\/037.com.ar\/foronuevo\/wp-content\/uploads\/2022\/02\/monicaLitza-150x150.jpeg 150w\" sizes=\"(max-width: 480px) 100vw, 480px\" \/>\t\t\t\t\t\t\t\t\t\t\t\t\t<\/div>\n\t\t\t\t<\/div>\n\t\t\t\t<div class=\"elementor-element elementor-element-6496e5e elementor-widget elementor-widget-text-editor\" data-id=\"6496e5e\" data-element_type=\"widget\" data-widget_type=\"text-editor.default\">\n\t\t\t\t<div class=\"elementor-widget-container\">\n\t\t\t\t\t\t\t<p><strong>M\u00f3nica Litza<br \/><\/strong><br \/>Directora de ProyectAR<\/p>\t\t\t\t\t\t<\/div>\n\t\t\t\t<\/div>\n\t\t\t\t<div class=\"elementor-element elementor-element-679aa7e elementor-widget elementor-widget-image\" data-id=\"679aa7e\" data-element_type=\"widget\" data-widget_type=\"image.default\">\n\t\t\t\t<div class=\"elementor-widget-container\">\n\t\t\t\t\t\t\t\t\t\t\t\t\t<img loading=\"lazy\" decoding=\"async\" width=\"800\" height=\"800\" src=\"https:\/\/037.com.ar\/foronuevo\/wp-content\/uploads\/2022\/02\/erodriguez2021-1024x1024.jpg\" class=\"attachment-large size-large wp-image-57064\" alt=\"\" srcset=\"https:\/\/037.com.ar\/foronuevo\/wp-content\/uploads\/2022\/02\/erodriguez2021-1024x1024.jpg 1024w, https:\/\/037.com.ar\/foronuevo\/wp-content\/uploads\/2022\/02\/erodriguez2021-300x300.jpg 300w, https:\/\/037.com.ar\/foronuevo\/wp-content\/uploads\/2022\/02\/erodriguez2021-150x150.jpg 150w, https:\/\/037.com.ar\/foronuevo\/wp-content\/uploads\/2022\/02\/erodriguez2021-768x768.jpg 768w, https:\/\/037.com.ar\/foronuevo\/wp-content\/uploads\/2022\/02\/erodriguez2021.jpg 1125w\" sizes=\"(max-width: 800px) 100vw, 800px\" \/>\t\t\t\t\t\t\t\t\t\t\t\t\t<\/div>\n\t\t\t\t<\/div>\n\t\t\t\t<div class=\"elementor-element elementor-element-08bb503 elementor-widget elementor-widget-text-editor\" data-id=\"08bb503\" data-element_type=\"widget\" data-widget_type=\"text-editor.default\">\n\t\t\t\t<div class=\"elementor-widget-container\">\n\t\t\t\t\t\t\t<p><strong>Eduardo Rodr\u00edguez<br \/><\/strong><br \/>Coordinador de ProyectAR Olavarr\u00eda<br \/><a href=\"https:\/\/foroolavarria.org\/eduardo-miguel-rodriguez-cv\" target=\"_blank\" rel=\"noopener\">Curriculum Vitae<\/a><\/p>\t\t\t\t\t\t<\/div>\n\t\t\t\t<\/div>\n\t\t\t\t<div class=\"elementor-element elementor-element-f7842cb elementor-widget elementor-widget-image\" data-id=\"f7842cb\" data-element_type=\"widget\" data-widget_type=\"image.default\">\n\t\t\t\t<div class=\"elementor-widget-container\">\n\t\t\t\t\t\t\t\t\t\t\t\t\t\t<a href=\"https:\/\/proyectarargentina.org\" target=\"_blank\">\n\t\t\t\t\t\t\t<img loading=\"lazy\" decoding=\"async\" width=\"800\" height=\"1013\" src=\"https:\/\/037.com.ar\/foronuevo\/wp-content\/uploads\/2022\/03\/noticia-12b-809x1024.jpeg\" class=\"attachment-large size-large wp-image-57115\" alt=\"\" srcset=\"https:\/\/037.com.ar\/foronuevo\/wp-content\/uploads\/2022\/03\/noticia-12b-809x1024.jpeg 809w, https:\/\/037.com.ar\/foronuevo\/wp-content\/uploads\/2022\/03\/noticia-12b-237x300.jpeg 237w, https:\/\/037.com.ar\/foronuevo\/wp-content\/uploads\/2022\/03\/noticia-12b-768x972.jpeg 768w, https:\/\/037.com.ar\/foronuevo\/wp-content\/uploads\/2022\/03\/noticia-12b.jpeg 1170w\" sizes=\"(max-width: 800px) 100vw, 800px\" \/>\t\t\t\t\t\t\t\t<\/a>\n\t\t\t\t\t\t\t\t\t\t\t\t\t<\/div>\n\t\t\t\t<\/div>\n\t\t\t\t<div class=\"elementor-element elementor-element-b214e69 elementor-widget elementor-widget-text-editor\" data-id=\"b214e69\" data-element_type=\"widget\" data-widget_type=\"text-editor.default\">\n\t\t\t\t<div class=\"elementor-widget-container\">\n\t\t\t\t\t\t\t<p>CICLO DE C\u00c1TEDRAS ABIERTAS SOBRE MEGATENDENCIAS GLOBALES<\/p>\t\t\t\t\t\t<\/div>\n\t\t\t\t<\/div>\n\t\t\t\t<\/div>\n\t\t\t\t\t<\/div>\n\t\t\t\t<\/div>\n\t\t\t\t<\/div>\n\t\t","protected":false},"excerpt":{"rendered":"<p>ACTIVIDAD EN OLAVARR\u00cdA 2024 El objetivo de ProyectAR es un espacio de formaci\u00f3n de equipos t\u00e9cnicos y de gesti\u00f3n basados en el conocimiento, con solidez y visi\u00f3n de largo plazo, para poder abordar los desaf\u00edos que afrontan nuestras democracias en el siglo XXI. Por qu\u00e9 impulsamos ProyectAR?\u2013 La pol\u00edtica debe adaptarse a la complejidad del [&hellip;]<\/p>\n","protected":false},"author":2,"featured_media":0,"parent":0,"menu_order":0,"comment_status":"closed","ping_status":"closed","template":"elementor_header_footer","meta":{"footnotes":""},"class_list":["post-3007","page","type-page","status-publish","hentry"],"_links":{"self":[{"href":"https:\/\/037.com.ar\/foronuevo\/wp-json\/wp\/v2\/pages\/3007","targetHints":{"allow":["GET"]}}],"collection":[{"href":"https:\/\/037.com.ar\/foronuevo\/wp-json\/wp\/v2\/pages"}],"about":[{"href":"https:\/\/037.com.ar\/foronuevo\/wp-json\/wp\/v2\/types\/page"}],"author":[{"embeddable":true,"href":"https:\/\/037.com.ar\/foronuevo\/wp-json\/wp\/v2\/users\/2"}],"replies":[{"embeddable":true,"href":"https:\/\/037.com.ar\/foronuevo\/wp-json\/wp\/v2\/comments?post=3007"}],"version-history":[{"count":10,"href":"https:\/\/037.com.ar\/foronuevo\/wp-json\/wp\/v2\/pages\/3007\/revisions"}],"predecessor-version":[{"id":57880,"href":"https:\/\/037.com.ar\/foronuevo\/wp-json\/wp\/v2\/pages\/3007\/revisions\/57880"}],"wp:attachment":[{"href":"https:\/\/037.com.ar\/foronuevo\/wp-json\/wp\/v2\/media?parent=3007"}],"curies":[{"name":"wp","href":"https:\/\/api.w.org\/{rel}","templated":true}]}}